{"id":1145,"date":"2026-02-12T10:40:54","date_gmt":"2026-02-12T10:40:54","guid":{"rendered":"https:\/\/boschgrowers.com\/resumen-de-noticias\/"},"modified":"2026-03-19T11:20:58","modified_gmt":"2026-03-19T11:20:58","slug":"resumen-de-noticias","status":"publish","type":"page","link":"https:\/\/boschgrowers.com\/es\/resumen-de-noticias\/","title":{"rendered":"Resumen de noticias"},"content":{"rendered":"\t\t<div data-elementor-type=\"wp-page\" data-elementor-id=\"1145\" class=\"elementor elementor-1145 elementor-763\" data-elementor-post-type=\"page\">\n\t\t\t\t<div class=\"elementor-element elementor-element-2f11608 e-con-full e-flex e-con e-child\" data-id=\"2f11608\" data-element_type=\"container\" data-e-type=\"container\" data-settings=\"{&quot;background_background&quot;:&quot;classic&quot;}\">\n\t\t\t\t<\/div>\n\t\t<div class=\"elementor-element elementor-element-d7af12a e-flex e-con-boxed elementor-invisible e-con e-parent\" data-id=\"d7af12a\" data-element_type=\"container\" data-e-type=\"container\" data-settings=\"{&quot;animation&quot;:&quot;fadeIn&quot;}\">\n\t\t\t\t\t<div class=\"e-con-inner\">\n\t\t<div class=\"elementor-element elementor-element-f5fe467 e-con-full e-flex e-con e-child\" data-id=\"f5fe467\" data-element_type=\"container\" data-e-type=\"container\">\n\t\t\t\t\t\t\t<h1 \n\t\tdata-interaction-id=\"f694aed\" \n\t\tclass=\"h1titel20pxbottom e-heading-base\" \n\t\t \n\t\tdata-e-type=\"widget\" data-id=\"f694aed\"\n\t\t\t>\n\t\n\t\t\tNoticias\n\t\t<\/h1>\n\t\t\t\t<div class=\"elementor-element elementor-element-0f643ab elementor-widget elementor-widget-text-editor\" data-id=\"0f643ab\" data-element_type=\"widget\" data-e-type=\"widget\" data-widget_type=\"text-editor.default\">\n\t\t\t\t\t\t\t\t\t<p><strong>Aqu\u00ed encontrar\u00e1 las \u00faltimas noticias de Bosch Growers. <\/strong><\/p><p>Actualizaciones de nuestra organizaci\u00f3n, historias desde el lugar de trabajo y publicaciones que compartimos en LinkedIn. As\u00ed podr\u00e1 mantenerse al tanto, de un solo vistazo, de lo que nos ocupa y de los objetivos hacia los que trabajamos. <\/p>\t\t\t\t\t\t\t\t<\/div>\n\t\t\t\t<\/div>\n\t\t\t\t\t<\/div>\n\t\t\t\t<\/div>\n\t\t<div class=\"elementor-element elementor-element-57c961e e-flex e-con-boxed e-con e-parent\" data-id=\"57c961e\" data-element_type=\"container\" data-e-type=\"container\" data-settings=\"{&quot;background_background&quot;:&quot;classic&quot;}\">\n\t\t\t\t\t<div class=\"e-con-inner\">\n\t\t<div class=\"elementor-element elementor-element-77e2e98 e-con-full e-flex e-con e-child\" data-id=\"77e2e98\" data-element_type=\"container\" data-e-type=\"container\">\n\t\t\t\t\t\t\t<h2 \n\t\tdata-interaction-id=\"42a3692\" \n\t\tclass=\"h2title20pxbottom e-42a3692-0a53d11 e-heading-base\" \n\t\t \n\t\tdata-e-type=\"widget\" data-id=\"42a3692\"\n\t\t\t>\n\t\n\t\t\tLinkedIn\n\t\t<\/h2>\n\t\t\t\t<div class=\"elementor-element elementor-element-e5cd294 elementor-widget__width-initial elementor-widget-tablet__width-inherit elementor-widget elementor-widget-text-editor\" data-id=\"e5cd294\" data-element_type=\"widget\" data-e-type=\"widget\" data-widget_type=\"text-editor.default\">\n\t\t\t\t\t\t\t\t\t<p>Aqu\u00ed compartimos breves actualizaciones, hitos y momentos de la pr\u00e1ctica diaria. Directamente desde nuestra p\u00e1gina de LinkedIn. <\/p>\t\t\t\t\t\t\t\t<\/div>\n\t\t\t\t<div class=\"elementor-element elementor-element-e4c1d9b elementor-widget elementor-widget-html\" data-id=\"e4c1d9b\" data-element_type=\"widget\" data-e-type=\"widget\" data-widget_type=\"html.default\">\n\t\t\t\t\t<div class=\"sk-ww-linkedin-page-post\" data-embed-id=\"25653986\"><\/div><script src=\"https:\/\/widgets.sociablekit.com\/linkedin-page-posts\/widget.js\" defer><\/script>\t\t\t\t<\/div>\n\t\t\t\t<\/div>\n\t\t\t\t\t<\/div>\n\t\t\t\t<\/div>\n\t\t<div class=\"elementor-element elementor-element-93eff05 e-con-full e-flex e-con e-child\" data-id=\"93eff05\" data-element_type=\"container\" data-e-type=\"container\">\n\t\t<div class=\"elementor-element elementor-element-113f4ae e-flex e-con-boxed e-con e-child\" data-id=\"113f4ae\" data-element_type=\"container\" data-e-type=\"container\">\n\t\t\t\t\t<div class=\"e-con-inner\">\n\t\t\t\t\t\t\t<h2 \n\t\tdata-interaction-id=\"aee49a3\" \n\t\tclass=\"h2title20pxbottom e-aee49a3-0f3e3c9 e-heading-base\" \n\t\t \n\t\tdata-e-type=\"widget\" data-id=\"aee49a3\"\n\t\t\t>\n\t\n\t\t\tArt\u00edculos de noticias\n\t\t<\/h2>\n\t\t\t\t<div class=\"elementor-element elementor-element-081b72e elementor-widget__width-initial elementor-widget-tablet__width-inherit elementor-widget elementor-widget-text-editor\" data-id=\"081b72e\" data-element_type=\"widget\" data-e-type=\"widget\" data-widget_type=\"text-editor.default\">\n\t\t\t\t\t\t\t\t\t<p>Historias m\u00e1s detalladas y anuncios de Bosch Growers. Sobre novedades, proyectos y lo que sucede dentro de nuestra empresa. <\/p>\t\t\t\t\t\t\t\t<\/div>\n\t\t\t\t<div class=\"elementor-element elementor-element-daceb27 elementor-arrows-position-inside elementor-widget elementor-widget-loop-carousel\" data-id=\"daceb27\" data-element_type=\"widget\" data-e-type=\"widget\" data-settings=\"{&quot;template_id&quot;:1268,&quot;_skin&quot;:&quot;post&quot;,&quot;slides_to_show&quot;:&quot;3&quot;,&quot;slides_to_show_tablet&quot;:&quot;2&quot;,&quot;slides_to_show_mobile&quot;:&quot;1&quot;,&quot;slides_to_scroll&quot;:&quot;1&quot;,&quot;edit_handle_selector&quot;:&quot;.elementor-loop-container&quot;,&quot;autoplay&quot;:&quot;yes&quot;,&quot;autoplay_speed&quot;:5000,&quot;infinite&quot;:&quot;yes&quot;,&quot;speed&quot;:500,&quot;offset_sides&quot;:&quot;none&quot;,&quot;arrows&quot;:&quot;yes&quot;,&quot;image_spacing_custom&quot;:{&quot;unit&quot;:&quot;px&quot;,&quot;size&quot;:10,&quot;sizes&quot;:[]},&quot;image_spacing_custom_tablet&quot;:{&quot;unit&quot;:&quot;px&quot;,&quot;size&quot;:&quot;&quot;,&quot;sizes&quot;:[]},&quot;image_spacing_custom_mobile&quot;:{&quot;unit&quot;:&quot;px&quot;,&quot;size&quot;:&quot;&quot;,&quot;sizes&quot;:[]}}\" data-widget_type=\"loop-carousel.post\">\n\t\t\t\t\t\t\t<div class=\"swiper elementor-loop-container elementor-grid\" role=\"list\" dir=\"ltr\">\n\t\t\t\t<div class=\"swiper-wrapper\" aria-live=\"off\">\n\t\t<style id=\"loop-1268\">.elementor-1268 .elementor-element.elementor-element-653ecd1{--display:flex;--justify-content:space-between;--border-radius:20px 20px 20px 20px;--padding-top:0px;--padding-bottom:0px;--padding-left:0px;--padding-right:0px;}.elementor-1268 .elementor-element.elementor-element-653ecd1:not(.elementor-motion-effects-element-type-background), .elementor-1268 .elementor-element.elementor-element-653ecd1 > .elementor-motion-effects-container > .elementor-motion-effects-layer{background-color:var( --e-global-color-primary );}.elementor-1268 .elementor-element.elementor-element-dddcb4b img{max-width:100%;height:280px;object-fit:cover;object-position:center center;border-radius:20px 20px 0px 0px;}.elementor-1268 .elementor-element.elementor-element-d965bee{--display:flex;--padding-top:20px;--padding-bottom:0px;--padding-left:30px;--padding-right:30px;}.elementor-1268 .elementor-element.elementor-element-338a72b{text-align:center;}.elementor-1268 .elementor-element.elementor-element-338a72b .elementor-heading-title{font-size:35px;color:var( --e-global-color-42e3203 );}.elementor-1268 .elementor-element.elementor-element-e8a370b{text-align:center;color:var( --e-global-color-42e3203 );}.elementor-1268 .elementor-element.elementor-element-e8a370b a{color:var( --e-global-color-42e3203 );}<\/style>\t\t<div data-elementor-type=\"loop-item\" data-elementor-id=\"1268\" class=\"elementor elementor-1268 elementor-182 elementor-182 swiper-slide e-loop-item e-loop-item-1258 post-1258 post type-post status-publish format-standard has-post-thumbnail hentry category-sin-categorizar\" data-elementor-post-type=\"elementor_library\" role=\"group\" aria-roledescription=\"slide\" data-custom-edit-handle=\"1\">\n\t\t\t<div class=\"elementor-element elementor-element-653ecd1 e-flex e-con-boxed e-con e-parent\" data-id=\"653ecd1\" data-element_type=\"container\" data-e-type=\"container\" data-settings=\"{&quot;background_background&quot;:&quot;classic&quot;}\">\n\t\t\t\t\t<div class=\"e-con-inner\">\n\t\t\t\t<div class=\"elementor-element elementor-element-dddcb4b elementor-widget elementor-widget-theme-post-featured-image elementor-widget-image\" data-id=\"dddcb4b\" data-element_type=\"widget\" data-e-type=\"widget\" data-widget_type=\"theme-post-featured-image.default\">\n\t\t\t\t\t\t\t\t\t\t\t\t\t\t\t<img fetchpriority=\"high\" decoding=\"async\" width=\"705\" height=\"295\" src=\"https:\/\/boschgrowers.com\/wp-content\/uploads\/2023\/02\/Japans-filmpje.jpg\" class=\"attachment-full size-full wp-image-1261\" alt=\"\" srcset=\"https:\/\/boschgrowers.com\/wp-content\/uploads\/2023\/02\/Japans-filmpje.jpg 705w, https:\/\/boschgrowers.com\/wp-content\/uploads\/2023\/02\/Japans-filmpje-300x126.jpg 300w\" sizes=\"(max-width: 705px) 100vw, 705px\" \/>\t\t\t\t\t\t\t\t\t\t\t\t\t\t\t<\/div>\n\t\t<div class=\"elementor-element elementor-element-d965bee e-con-full e-flex e-con e-child\" data-id=\"d965bee\" data-element_type=\"container\" data-e-type=\"container\">\n\t\t\t\t<div class=\"elementor-element elementor-element-338a72b elementor-widget elementor-widget-theme-post-title elementor-page-title elementor-widget-heading\" data-id=\"338a72b\" data-element_type=\"widget\" data-e-type=\"widget\" data-widget_type=\"theme-post-title.default\">\n\t\t\t\t\t<h1 class=\"elementor-heading-title elementor-size-default\">Bosch Growers aparece en un v\u00eddeo japon\u00e9s<\/h1>\t\t\t\t<\/div>\n\t\t\t\t<div class=\"elementor-element elementor-element-e8a370b elementor-widget elementor-widget-text-editor\" data-id=\"e8a370b\" data-element_type=\"widget\" data-e-type=\"widget\" data-widget_type=\"text-editor.default\">\n\t\t\t\t\t\t\t\t\tBosch Growers aparece en un v\u00eddeo japon\u00e9s sobre horticultura protegida moderna e innovaci\u00f3n.\t\t\t\t\t\t\t\t<\/div>\n\t\t\t\t<\/div>\n\t\t\t\t\t    \t            <a\n            \t\t\thref=\"https:\/\/boschgrowers.com\/es\/bosch-growers-aparece-en-un-video-japones\/\"\n        target=\"_self\"\n            class=\"knopbosch2 e-button-base\"\n            data-interaction-id=\"f888b07\"\n            data-interactions=\"&#x5B;&#x5D;\"\n             data-e-type=\"widget\" data-id=\"f888b07\"\n        >\n            lees meer\n        <\/a>\n    \t\t\t\t\t<\/div>\n\t\t\t\t<\/div>\n\t\t\t\t<\/div>\n\t\t\t\t<div data-elementor-type=\"loop-item\" data-elementor-id=\"1268\" class=\"elementor elementor-1268 elementor-182 elementor-182 swiper-slide e-loop-item e-loop-item-1239 post-1239 post type-post status-publish format-standard has-post-thumbnail hentry category-sin-categorizar\" data-elementor-post-type=\"elementor_library\" role=\"group\" aria-roledescription=\"slide\" data-custom-edit-handle=\"1\">\n\t\t\t<div class=\"elementor-element elementor-element-653ecd1 e-flex e-con-boxed e-con e-parent\" data-id=\"653ecd1\" data-element_type=\"container\" data-e-type=\"container\" data-settings=\"{&quot;background_background&quot;:&quot;classic&quot;}\">\n\t\t\t\t\t<div class=\"e-con-inner\">\n\t\t\t\t<div class=\"elementor-element elementor-element-dddcb4b elementor-widget elementor-widget-theme-post-featured-image elementor-widget-image\" data-id=\"dddcb4b\" data-element_type=\"widget\" data-e-type=\"widget\" data-widget_type=\"theme-post-featured-image.default\">\n\t\t\t\t\t\t\t\t\t\t\t\t\t\t\t<img decoding=\"async\" width=\"1442\" height=\"2560\" src=\"https:\/\/boschgrowers.com\/wp-content\/uploads\/2026\/02\/20221216_080535-scaled-1.jpg\" class=\"attachment-full size-full wp-image-1240\" alt=\"\" srcset=\"https:\/\/boschgrowers.com\/wp-content\/uploads\/2026\/02\/20221216_080535-scaled-1.jpg 1442w, https:\/\/boschgrowers.com\/wp-content\/uploads\/2026\/02\/20221216_080535-scaled-1-169x300.jpg 169w, https:\/\/boschgrowers.com\/wp-content\/uploads\/2026\/02\/20221216_080535-scaled-1-577x1024.jpg 577w, https:\/\/boschgrowers.com\/wp-content\/uploads\/2026\/02\/20221216_080535-scaled-1-768x1363.jpg 768w, https:\/\/boschgrowers.com\/wp-content\/uploads\/2026\/02\/20221216_080535-scaled-1-865x1536.jpg 865w, https:\/\/boschgrowers.com\/wp-content\/uploads\/2026\/02\/20221216_080535-scaled-1-1154x2048.jpg 1154w\" sizes=\"(max-width: 1442px) 100vw, 1442px\" \/>\t\t\t\t\t\t\t\t\t\t\t\t\t\t\t<\/div>\n\t\t<div class=\"elementor-element elementor-element-d965bee e-con-full e-flex e-con e-child\" data-id=\"d965bee\" data-element_type=\"container\" data-e-type=\"container\">\n\t\t\t\t<div class=\"elementor-element elementor-element-338a72b elementor-widget elementor-widget-theme-post-title elementor-page-title elementor-widget-heading\" data-id=\"338a72b\" data-element_type=\"widget\" data-e-type=\"widget\" data-widget_type=\"theme-post-title.default\">\n\t\t\t\t\t<h1 class=\"elementor-heading-title elementor-size-default\">Desayuno de Navidad entre las plantas de moras<\/h1>\t\t\t\t<\/div>\n\t\t\t\t<div class=\"elementor-element elementor-element-e8a370b elementor-widget elementor-widget-text-editor\" data-id=\"e8a370b\" data-element_type=\"widget\" data-e-type=\"widget\" data-widget_type=\"text-editor.default\">\n\t\t\t\t\t\t\t\t\tDesayunar juntos entre las plantas de moras y agradecer a cada uno personalmente con una cesta de Navidad: un momento c\u00e1lido y acogedor con todo el equipo.\t\t\t\t\t\t\t\t<\/div>\n\t\t\t\t<\/div>\n\t\t\t\t\t    \t            <a\n            \t\t\thref=\"https:\/\/boschgrowers.com\/es\/desayuno-de-navidad-entre-las-plantas-de-moras\/\"\n        target=\"_self\"\n            class=\"knopbosch2 e-button-base\"\n            data-interaction-id=\"f888b07\"\n            data-interactions=\"&#x5B;&#x5D;\"\n             data-e-type=\"widget\" data-id=\"f888b07\"\n        >\n            lees meer\n        <\/a>\n    \t\t\t\t\t<\/div>\n\t\t\t\t<\/div>\n\t\t\t\t<\/div>\n\t\t\t\t<div data-elementor-type=\"loop-item\" data-elementor-id=\"1268\" class=\"elementor elementor-1268 elementor-182 elementor-182 swiper-slide e-loop-item e-loop-item-1214 post-1214 post type-post status-publish format-standard has-post-thumbnail hentry category-sin-categorizar\" data-elementor-post-type=\"elementor_library\" role=\"group\" aria-roledescription=\"slide\" data-custom-edit-handle=\"1\">\n\t\t\t<div class=\"elementor-element elementor-element-653ecd1 e-flex e-con-boxed e-con e-parent\" data-id=\"653ecd1\" data-element_type=\"container\" data-e-type=\"container\" data-settings=\"{&quot;background_background&quot;:&quot;classic&quot;}\">\n\t\t\t\t\t<div class=\"e-con-inner\">\n\t\t\t\t<div class=\"elementor-element elementor-element-dddcb4b elementor-widget elementor-widget-theme-post-featured-image elementor-widget-image\" data-id=\"dddcb4b\" data-element_type=\"widget\" data-e-type=\"widget\" data-widget_type=\"theme-post-featured-image.default\">\n\t\t\t\t\t\t\t\t\t\t\t\t\t\t\t<img decoding=\"async\" width=\"2560\" height=\"1920\" src=\"https:\/\/boschgrowers.com\/wp-content\/uploads\/2026\/02\/IMG_1080-scaled-1.jpg\" class=\"attachment-full size-full wp-image-1215\" alt=\"\" srcset=\"https:\/\/boschgrowers.com\/wp-content\/uploads\/2026\/02\/IMG_1080-scaled-1.jpg 2560w, https:\/\/boschgrowers.com\/wp-content\/uploads\/2026\/02\/IMG_1080-scaled-1-300x225.jpg 300w, https:\/\/boschgrowers.com\/wp-content\/uploads\/2026\/02\/IMG_1080-scaled-1-1024x768.jpg 1024w, https:\/\/boschgrowers.com\/wp-content\/uploads\/2026\/02\/IMG_1080-scaled-1-768x576.jpg 768w, https:\/\/boschgrowers.com\/wp-content\/uploads\/2026\/02\/IMG_1080-scaled-1-1536x1152.jpg 1536w, https:\/\/boschgrowers.com\/wp-content\/uploads\/2026\/02\/IMG_1080-scaled-1-2048x1536.jpg 2048w\" sizes=\"(max-width: 2560px) 100vw, 2560px\" \/>\t\t\t\t\t\t\t\t\t\t\t\t\t\t\t<\/div>\n\t\t<div class=\"elementor-element elementor-element-d965bee e-con-full e-flex e-con e-child\" data-id=\"d965bee\" data-element_type=\"container\" data-e-type=\"container\">\n\t\t\t\t<div class=\"elementor-element elementor-element-338a72b elementor-widget elementor-widget-theme-post-title elementor-page-title elementor-widget-heading\" data-id=\"338a72b\" data-element_type=\"widget\" data-e-type=\"widget\" data-widget_type=\"theme-post-title.default\">\n\t\t\t\t\t<h1 class=\"elementor-heading-title elementor-size-default\">Bosch Growers recibe a un grupo de becarios del ministerio<\/h1>\t\t\t\t<\/div>\n\t\t\t\t<div class=\"elementor-element elementor-element-e8a370b elementor-widget elementor-widget-text-editor\" data-id=\"e8a370b\" data-element_type=\"widget\" data-e-type=\"widget\" data-widget_type=\"text-editor.default\">\n\t\t\t\t\t\t\t\t\tVisita de 40 becarios estatales a Bosch Growers. Una primera toma de contacto con la horticultura protegida y una conversaci\u00f3n constructiva sobre la realidad, los cuellos de botella y el futuro del sector. \t\t\t\t\t\t\t\t<\/div>\n\t\t\t\t<\/div>\n\t\t\t\t\t    \t            <a\n            \t\t\thref=\"https:\/\/boschgrowers.com\/es\/bosch-growers-recibe-a-un-grupo-de-becarios-del-ministerio\/\"\n        target=\"_self\"\n            class=\"knopbosch2 e-button-base\"\n            data-interaction-id=\"f888b07\"\n            data-interactions=\"&#x5B;&#x5D;\"\n             data-e-type=\"widget\" data-id=\"f888b07\"\n        >\n            lees meer\n        <\/a>\n    \t\t\t\t\t<\/div>\n\t\t\t\t<\/div>\n\t\t\t\t<\/div>\n\t\t\t\t<div data-elementor-type=\"loop-item\" data-elementor-id=\"1268\" class=\"elementor elementor-1268 elementor-182 elementor-182 swiper-slide e-loop-item e-loop-item-1263 post-1263 post type-post status-publish format-standard has-post-thumbnail hentry category-sin-categorizar\" data-elementor-post-type=\"elementor_library\" role=\"group\" aria-roledescription=\"slide\" data-custom-edit-handle=\"1\">\n\t\t\t<div class=\"elementor-element elementor-element-653ecd1 e-flex e-con-boxed e-con e-parent\" data-id=\"653ecd1\" data-element_type=\"container\" data-e-type=\"container\" data-settings=\"{&quot;background_background&quot;:&quot;classic&quot;}\">\n\t\t\t\t\t<div class=\"e-con-inner\">\n\t\t\t\t<div class=\"elementor-element elementor-element-dddcb4b elementor-widget elementor-widget-theme-post-featured-image elementor-widget-image\" data-id=\"dddcb4b\" data-element_type=\"widget\" data-e-type=\"widget\" data-widget_type=\"theme-post-featured-image.default\">\n\t\t\t\t\t\t\t\t\t\t\t\t\t\t\t<img loading=\"lazy\" decoding=\"async\" width=\"1920\" height=\"1341\" src=\"https:\/\/boschgrowers.com\/wp-content\/uploads\/2026\/02\/paprikas-groen-demo-foto.jpg\" class=\"attachment-full size-full wp-image-1197\" alt=\"\" srcset=\"https:\/\/boschgrowers.com\/wp-content\/uploads\/2026\/02\/paprikas-groen-demo-foto.jpg 1920w, https:\/\/boschgrowers.com\/wp-content\/uploads\/2026\/02\/paprikas-groen-demo-foto-300x210.jpg 300w, https:\/\/boschgrowers.com\/wp-content\/uploads\/2026\/02\/paprikas-groen-demo-foto-1024x715.jpg 1024w, https:\/\/boschgrowers.com\/wp-content\/uploads\/2026\/02\/paprikas-groen-demo-foto-768x536.jpg 768w, https:\/\/boschgrowers.com\/wp-content\/uploads\/2026\/02\/paprikas-groen-demo-foto-1536x1073.jpg 1536w\" sizes=\"(max-width: 1920px) 100vw, 1920px\" \/>\t\t\t\t\t\t\t\t\t\t\t\t\t\t\t<\/div>\n\t\t<div class=\"elementor-element elementor-element-d965bee e-con-full e-flex e-con e-child\" data-id=\"d965bee\" data-element_type=\"container\" data-e-type=\"container\">\n\t\t\t\t<div class=\"elementor-element elementor-element-338a72b elementor-widget elementor-widget-theme-post-title elementor-page-title elementor-widget-heading\" data-id=\"338a72b\" data-element_type=\"widget\" data-e-type=\"widget\" data-widget_type=\"theme-post-title.default\">\n\t\t\t\t\t<h1 class=\"elementor-heading-title elementor-size-default\">Bosch Growers reduce los costes energ\u00e9ticos con una pantalla de energ\u00eda adicional<\/h1>\t\t\t\t<\/div>\n\t\t\t\t<div class=\"elementor-element elementor-element-e8a370b elementor-widget elementor-widget-text-editor\" data-id=\"e8a370b\" data-element_type=\"widget\" data-e-type=\"widget\" data-widget_type=\"text-editor.default\">\n\t\t\t\t\t\t\t\t\tLos productores de pimientos posponen conscientemente las decisiones sobre la estrategia energ\u00e9tica, con la esperanza de obtener m\u00e1s claridad.\t\t\t\t\t\t\t\t<\/div>\n\t\t\t\t<\/div>\n\t\t\t\t\t    \t            <a\n            \t\t\thref=\"https:\/\/boschgrowers.com\/es\/bosch-growers-reduce-los-costes-energeticos-con-una-pantalla-de-energia-adicional\/\"\n        target=\"_self\"\n            class=\"knopbosch2 e-button-base\"\n            data-interaction-id=\"f888b07\"\n            data-interactions=\"&#x5B;&#x5D;\"\n             data-e-type=\"widget\" data-id=\"f888b07\"\n        >\n            lees meer\n        <\/a>\n    \t\t\t\t\t<\/div>\n\t\t\t\t<\/div>\n\t\t\t\t<\/div>\n\t\t\t\t<div data-elementor-type=\"loop-item\" data-elementor-id=\"1268\" class=\"elementor elementor-1268 elementor-182 elementor-182 swiper-slide e-loop-item e-loop-item-1225 post-1225 post type-post status-publish format-standard has-post-thumbnail hentry category-sin-categorizar\" data-elementor-post-type=\"elementor_library\" role=\"group\" aria-roledescription=\"slide\" data-custom-edit-handle=\"1\">\n\t\t\t<div class=\"elementor-element elementor-element-653ecd1 e-flex e-con-boxed e-con e-parent\" data-id=\"653ecd1\" data-element_type=\"container\" data-e-type=\"container\" data-settings=\"{&quot;background_background&quot;:&quot;classic&quot;}\">\n\t\t\t\t\t<div class=\"e-con-inner\">\n\t\t\t\t<div class=\"elementor-element elementor-element-dddcb4b elementor-widget elementor-widget-theme-post-featured-image elementor-widget-image\" data-id=\"dddcb4b\" data-element_type=\"widget\" data-e-type=\"widget\" data-widget_type=\"theme-post-featured-image.default\">\n\t\t\t\t\t\t\t\t\t\t\t\t\t\t\t<img loading=\"lazy\" decoding=\"async\" width=\"640\" height=\"359\" src=\"https:\/\/boschgrowers.com\/wp-content\/uploads\/2026\/02\/foto-voor-website-2.png\" class=\"attachment-full size-full wp-image-1226\" alt=\"\" srcset=\"https:\/\/boschgrowers.com\/wp-content\/uploads\/2026\/02\/foto-voor-website-2.png 640w, https:\/\/boschgrowers.com\/wp-content\/uploads\/2026\/02\/foto-voor-website-2-300x168.png 300w\" sizes=\"(max-width: 640px) 100vw, 640px\" \/>\t\t\t\t\t\t\t\t\t\t\t\t\t\t\t<\/div>\n\t\t<div class=\"elementor-element elementor-element-d965bee e-con-full e-flex e-con e-child\" data-id=\"d965bee\" data-element_type=\"container\" data-e-type=\"container\">\n\t\t\t\t<div class=\"elementor-element elementor-element-338a72b elementor-widget elementor-widget-theme-post-title elementor-page-title elementor-widget-heading\" data-id=\"338a72b\" data-element_type=\"widget\" data-e-type=\"widget\" data-widget_type=\"theme-post-title.default\">\n\t\t\t\t\t<h1 class=\"elementor-heading-title elementor-size-default\">Microsoft realiza grabaciones en Bosch Growers<\/h1>\t\t\t\t<\/div>\n\t\t\t\t<div class=\"elementor-element elementor-element-e8a370b elementor-widget elementor-widget-text-editor\" data-id=\"e8a370b\" data-element_type=\"widget\" data-e-type=\"widget\" data-widget_type=\"text-editor.default\">\n\t\t\t\t\t\t\t\t\tGrabaciones en Bosch Growers para un v\u00eddeo de Microsoft sobre la colaboraci\u00f3n con Blue Radix y el uso de la IA para el cultivo aut\u00f3nomo en invernaderos.\t\t\t\t\t\t\t\t<\/div>\n\t\t\t\t<\/div>\n\t\t\t\t\t    \t            <a\n            \t\t\thref=\"https:\/\/boschgrowers.com\/es\/microsoft-realiza-grabaciones-en-bosch-growers\/\"\n        target=\"_self\"\n            class=\"knopbosch2 e-button-base\"\n            data-interaction-id=\"f888b07\"\n            data-interactions=\"&#x5B;&#x5D;\"\n             data-e-type=\"widget\" data-id=\"f888b07\"\n        >\n            lees meer\n        <\/a>\n    \t\t\t\t\t<\/div>\n\t\t\t\t<\/div>\n\t\t\t\t<\/div>\n\t\t\t\t<div data-elementor-type=\"loop-item\" data-elementor-id=\"1268\" class=\"elementor elementor-1268 elementor-182 elementor-182 swiper-slide e-loop-item e-loop-item-1217 post-1217 post type-post status-publish format-standard has-post-thumbnail hentry category-sin-categorizar\" data-elementor-post-type=\"elementor_library\" role=\"group\" aria-roledescription=\"slide\" data-custom-edit-handle=\"1\">\n\t\t\t<div class=\"elementor-element elementor-element-653ecd1 e-flex e-con-boxed e-con e-parent\" data-id=\"653ecd1\" data-element_type=\"container\" data-e-type=\"container\" data-settings=\"{&quot;background_background&quot;:&quot;classic&quot;}\">\n\t\t\t\t\t<div class=\"e-con-inner\">\n\t\t\t\t<div class=\"elementor-element elementor-element-dddcb4b elementor-widget elementor-widget-theme-post-featured-image elementor-widget-image\" data-id=\"dddcb4b\" data-element_type=\"widget\" data-e-type=\"widget\" data-widget_type=\"theme-post-featured-image.default\">\n\t\t\t\t\t\t\t\t\t\t\t\t\t\t\t<img loading=\"lazy\" decoding=\"async\" width=\"1920\" height=\"490\" src=\"https:\/\/boschgrowers.com\/wp-content\/uploads\/2026\/02\/Boschgrowers-paprika-header-1920x490px.jpg\" class=\"attachment-full size-full wp-image-1218\" alt=\"\" srcset=\"https:\/\/boschgrowers.com\/wp-content\/uploads\/2026\/02\/Boschgrowers-paprika-header-1920x490px.jpg 1920w, https:\/\/boschgrowers.com\/wp-content\/uploads\/2026\/02\/Boschgrowers-paprika-header-1920x490px-300x77.jpg 300w, https:\/\/boschgrowers.com\/wp-content\/uploads\/2026\/02\/Boschgrowers-paprika-header-1920x490px-1024x261.jpg 1024w, https:\/\/boschgrowers.com\/wp-content\/uploads\/2026\/02\/Boschgrowers-paprika-header-1920x490px-768x196.jpg 768w, https:\/\/boschgrowers.com\/wp-content\/uploads\/2026\/02\/Boschgrowers-paprika-header-1920x490px-1536x392.jpg 1536w\" sizes=\"(max-width: 1920px) 100vw, 1920px\" \/>\t\t\t\t\t\t\t\t\t\t\t\t\t\t\t<\/div>\n\t\t<div class=\"elementor-element elementor-element-d965bee e-con-full e-flex e-con e-child\" data-id=\"d965bee\" data-element_type=\"container\" data-e-type=\"container\">\n\t\t\t\t<div class=\"elementor-element elementor-element-338a72b elementor-widget elementor-widget-theme-post-title elementor-page-title elementor-widget-heading\" data-id=\"338a72b\" data-element_type=\"widget\" data-e-type=\"widget\" data-widget_type=\"theme-post-title.default\">\n\t\t\t\t\t<h1 class=\"elementor-heading-title elementor-size-default\">Consumo de energ\u00eda en la horticultura protegida<\/h1>\t\t\t\t<\/div>\n\t\t\t\t<div class=\"elementor-element elementor-element-e8a370b elementor-widget elementor-widget-text-editor\" data-id=\"e8a370b\" data-element_type=\"widget\" data-e-type=\"widget\" data-widget_type=\"text-editor.default\">\n\t\t\t\t\t\t\t\t\tLos elevados precios del gas obligan a los horticultores de invernadero a ser m\u00e1s sostenibles, pero la falta de margen financiero dificulta la transici\u00f3n hacia un modelo sin gas para muchas empresas.\t\t\t\t\t\t\t\t<\/div>\n\t\t\t\t<\/div>\n\t\t\t\t\t    \t            <a\n            \t\t\thref=\"https:\/\/boschgrowers.com\/es\/consumo-de-energia-en-la-horticultura-protegida\/\"\n        target=\"_self\"\n            class=\"knopbosch2 e-button-base\"\n            data-interaction-id=\"f888b07\"\n            data-interactions=\"&#x5B;&#x5D;\"\n             data-e-type=\"widget\" data-id=\"f888b07\"\n        >\n            lees meer\n        <\/a>\n    \t\t\t\t\t<\/div>\n\t\t\t\t<\/div>\n\t\t\t\t<\/div>\n\t\t\t\t<div data-elementor-type=\"loop-item\" data-elementor-id=\"1268\" class=\"elementor elementor-1268 elementor-182 elementor-182 swiper-slide e-loop-item e-loop-item-1244 post-1244 post type-post status-publish format-standard has-post-thumbnail hentry category-sin-categorizar\" data-elementor-post-type=\"elementor_library\" role=\"group\" aria-roledescription=\"slide\" data-custom-edit-handle=\"1\">\n\t\t\t<div class=\"elementor-element elementor-element-653ecd1 e-flex e-con-boxed e-con e-parent\" data-id=\"653ecd1\" data-element_type=\"container\" data-e-type=\"container\" data-settings=\"{&quot;background_background&quot;:&quot;classic&quot;}\">\n\t\t\t\t\t<div class=\"e-con-inner\">\n\t\t\t\t<div class=\"elementor-element elementor-element-dddcb4b elementor-widget elementor-widget-theme-post-featured-image elementor-widget-image\" data-id=\"dddcb4b\" data-element_type=\"widget\" data-e-type=\"widget\" data-widget_type=\"theme-post-featured-image.default\">\n\t\t\t\t\t\t\t\t\t\t\t\t\t\t\t<img loading=\"lazy\" decoding=\"async\" width=\"640\" height=\"480\" src=\"https:\/\/boschgrowers.com\/wp-content\/uploads\/2026\/02\/tv-opname.jpg\" class=\"attachment-full size-full wp-image-1245\" alt=\"\" srcset=\"https:\/\/boschgrowers.com\/wp-content\/uploads\/2026\/02\/tv-opname.jpg 640w, https:\/\/boschgrowers.com\/wp-content\/uploads\/2026\/02\/tv-opname-300x225.jpg 300w\" sizes=\"(max-width: 640px) 100vw, 640px\" \/>\t\t\t\t\t\t\t\t\t\t\t\t\t\t\t<\/div>\n\t\t<div class=\"elementor-element elementor-element-d965bee e-con-full e-flex e-con e-child\" data-id=\"d965bee\" data-element_type=\"container\" data-e-type=\"container\">\n\t\t\t\t<div class=\"elementor-element elementor-element-338a72b elementor-widget elementor-widget-theme-post-title elementor-page-title elementor-widget-heading\" data-id=\"338a72b\" data-element_type=\"widget\" data-e-type=\"widget\" data-widget_type=\"theme-post-title.default\">\n\t\t\t\t\t<h1 class=\"elementor-heading-title elementor-size-default\">Grabaciones de TV en Bosch Growers<\/h1>\t\t\t\t<\/div>\n\t\t\t\t<div class=\"elementor-element elementor-element-e8a370b elementor-widget elementor-widget-text-editor\" data-id=\"e8a370b\" data-element_type=\"widget\" data-e-type=\"widget\" data-widget_type=\"text-editor.default\">\n\t\t\t\t\t\t\t\t\tEn Bosch Growers se realizaron grabaciones de televisi\u00f3n para el programa de la NPO \u00abStand van Nederland: Generatie Next\u00bb, en el que se planteaba si la crisis energ\u00e9tica provocada por la guerra en Ucrania podr\u00eda desembocar en una crisis alimentaria.\t\t\t\t\t\t\t\t<\/div>\n\t\t\t\t<\/div>\n\t\t\t\t\t    \t            <a\n            \t\t\thref=\"https:\/\/boschgrowers.com\/es\/grabaciones-de-tv-en-bosch-growers\/\"\n        target=\"_self\"\n            class=\"knopbosch2 e-button-base\"\n            data-interaction-id=\"f888b07\"\n            data-interactions=\"&#x5B;&#x5D;\"\n             data-e-type=\"widget\" data-id=\"f888b07\"\n        >\n            lees meer\n        <\/a>\n    \t\t\t\t\t<\/div>\n\t\t\t\t<\/div>\n\t\t\t\t<\/div>\n\t\t\t\t<div data-elementor-type=\"loop-item\" data-elementor-id=\"1268\" class=\"elementor elementor-1268 elementor-182 elementor-182 swiper-slide e-loop-item e-loop-item-1201 post-1201 post type-post status-publish format-standard has-post-thumbnail hentry category-sin-categorizar\" data-elementor-post-type=\"elementor_library\" role=\"group\" aria-roledescription=\"slide\" data-custom-edit-handle=\"1\">\n\t\t\t<div class=\"elementor-element elementor-element-653ecd1 e-flex e-con-boxed e-con e-parent\" data-id=\"653ecd1\" data-element_type=\"container\" data-e-type=\"container\" data-settings=\"{&quot;background_background&quot;:&quot;classic&quot;}\">\n\t\t\t\t\t<div class=\"e-con-inner\">\n\t\t\t\t<div class=\"elementor-element elementor-element-dddcb4b elementor-widget elementor-widget-theme-post-featured-image elementor-widget-image\" data-id=\"dddcb4b\" data-element_type=\"widget\" data-e-type=\"widget\" data-widget_type=\"theme-post-featured-image.default\">\n\t\t\t\t\t\t\t\t\t\t\t\t\t\t\t<img loading=\"lazy\" decoding=\"async\" width=\"1000\" height=\"667\" src=\"https:\/\/boschgrowers.com\/wp-content\/uploads\/2026\/02\/de-kracht-van-algoritmes-volgens-paprikateler-1.jpeg\" class=\"attachment-full size-full wp-image-1202\" alt=\"\" srcset=\"https:\/\/boschgrowers.com\/wp-content\/uploads\/2026\/02\/de-kracht-van-algoritmes-volgens-paprikateler-1.jpeg 1000w, https:\/\/boschgrowers.com\/wp-content\/uploads\/2026\/02\/de-kracht-van-algoritmes-volgens-paprikateler-1-300x200.jpeg 300w, https:\/\/boschgrowers.com\/wp-content\/uploads\/2026\/02\/de-kracht-van-algoritmes-volgens-paprikateler-1-768x512.jpeg 768w\" sizes=\"(max-width: 1000px) 100vw, 1000px\" \/>\t\t\t\t\t\t\t\t\t\t\t\t\t\t\t<\/div>\n\t\t<div class=\"elementor-element elementor-element-d965bee e-con-full e-flex e-con e-child\" data-id=\"d965bee\" data-element_type=\"container\" data-e-type=\"container\">\n\t\t\t\t<div class=\"elementor-element elementor-element-338a72b elementor-widget elementor-widget-theme-post-title elementor-page-title elementor-widget-heading\" data-id=\"338a72b\" data-element_type=\"widget\" data-e-type=\"widget\" data-widget_type=\"theme-post-title.default\">\n\t\t\t\t\t<h1 class=\"elementor-heading-title elementor-size-default\">La cooperativa t\u00e9rmica Wilgenlei acelera la transici\u00f3n energ\u00e9tica<\/h1>\t\t\t\t<\/div>\n\t\t\t\t<div class=\"elementor-element elementor-element-e8a370b elementor-widget elementor-widget-text-editor\" data-id=\"e8a370b\" data-element_type=\"widget\" data-e-type=\"widget\" data-widget_type=\"text-editor.default\">\n\t\t\t\t\t\t\t\t\tLos productores de pimientos unen sus fuerzas para crear una red de calor abierta: m\u00faltiples fuentes, m\u00e1s flexibilidad y una respuesta a la creciente incertidumbre energ\u00e9tica.\t\t\t\t\t\t\t\t<\/div>\n\t\t\t\t<\/div>\n\t\t\t\t\t    \t            <a\n            \t\t\thref=\"https:\/\/boschgrowers.com\/es\/la-cooperativa-termica-wilgenlei-acelera-la-transicion-energetica\/\"\n        target=\"_self\"\n            class=\"knopbosch2 e-button-base\"\n            data-interaction-id=\"f888b07\"\n            data-interactions=\"&#x5B;&#x5D;\"\n             data-e-type=\"widget\" data-id=\"f888b07\"\n        >\n            lees meer\n        <\/a>\n    \t\t\t\t\t<\/div>\n\t\t\t\t<\/div>\n\t\t\t\t<\/div>\n\t\t\t\t<div data-elementor-type=\"loop-item\" data-elementor-id=\"1268\" class=\"elementor elementor-1268 elementor-182 elementor-182 swiper-slide e-loop-item e-loop-item-1208 post-1208 post type-post status-publish format-standard has-post-thumbnail hentry category-sin-categorizar\" data-elementor-post-type=\"elementor_library\" role=\"group\" aria-roledescription=\"slide\" data-custom-edit-handle=\"1\">\n\t\t\t<div class=\"elementor-element elementor-element-653ecd1 e-flex e-con-boxed e-con e-parent\" data-id=\"653ecd1\" data-element_type=\"container\" data-e-type=\"container\" data-settings=\"{&quot;background_background&quot;:&quot;classic&quot;}\">\n\t\t\t\t\t<div class=\"e-con-inner\">\n\t\t\t\t<div class=\"elementor-element elementor-element-dddcb4b elementor-widget elementor-widget-theme-post-featured-image elementor-widget-image\" data-id=\"dddcb4b\" data-element_type=\"widget\" data-e-type=\"widget\" data-widget_type=\"theme-post-featured-image.default\">\n\t\t\t\t\t\t\t\t\t\t\t\t\t\t\t<img loading=\"lazy\" decoding=\"async\" width=\"1920\" height=\"1277\" src=\"https:\/\/boschgrowers.com\/wp-content\/uploads\/2026\/02\/teamfoto.jpg\" class=\"attachment-full size-full wp-image-1209\" alt=\"\" srcset=\"https:\/\/boschgrowers.com\/wp-content\/uploads\/2026\/02\/teamfoto.jpg 1920w, https:\/\/boschgrowers.com\/wp-content\/uploads\/2026\/02\/teamfoto-300x200.jpg 300w, https:\/\/boschgrowers.com\/wp-content\/uploads\/2026\/02\/teamfoto-1024x681.jpg 1024w, https:\/\/boschgrowers.com\/wp-content\/uploads\/2026\/02\/teamfoto-768x511.jpg 768w, https:\/\/boschgrowers.com\/wp-content\/uploads\/2026\/02\/teamfoto-1536x1022.jpg 1536w\" sizes=\"(max-width: 1920px) 100vw, 1920px\" \/>\t\t\t\t\t\t\t\t\t\t\t\t\t\t\t<\/div>\n\t\t<div class=\"elementor-element elementor-element-d965bee e-con-full e-flex e-con e-child\" data-id=\"d965bee\" data-element_type=\"container\" data-e-type=\"container\">\n\t\t\t\t<div class=\"elementor-element elementor-element-338a72b elementor-widget elementor-widget-theme-post-title elementor-page-title elementor-widget-heading\" data-id=\"338a72b\" data-element_type=\"widget\" data-e-type=\"widget\" data-widget_type=\"theme-post-title.default\">\n\t\t\t\t\t<h1 class=\"elementor-heading-title elementor-size-default\">EenVandaag; \u00abPreocupaci\u00f3n en el sector hort\u00edcola por el elevado precio del gas\u00bb<\/h1>\t\t\t\t<\/div>\n\t\t\t\t<div class=\"elementor-element elementor-element-e8a370b elementor-widget elementor-widget-text-editor\" data-id=\"e8a370b\" data-element_type=\"widget\" data-e-type=\"widget\" data-widget_type=\"text-editor.default\">\n\t\t\t\t\t\t\t\t\tLos altos precios del gas presionan la empresa familiar del horticultor Wouter van den Bosch y generan incertidumbre sobre el futuro de la horticultura de invernadero en los Pa\u00edses Bajos.\t\t\t\t\t\t\t\t<\/div>\n\t\t\t\t<\/div>\n\t\t\t\t\t    \t            <a\n            \t\t\thref=\"https:\/\/boschgrowers.com\/es\/eenvandaag-preocupacion-en-el-sector-horticola-por-el-elevado-precio-del-gas\/\"\n        target=\"_self\"\n            class=\"knopbosch2 e-button-base\"\n            data-interaction-id=\"f888b07\"\n            data-interactions=\"&#x5B;&#x5D;\"\n             data-e-type=\"widget\" data-id=\"f888b07\"\n        >\n            lees meer\n        <\/a>\n    \t\t\t\t\t<\/div>\n\t\t\t\t<\/div>\n\t\t\t\t<\/div>\n\t\t\t\t<div data-elementor-type=\"loop-item\" data-elementor-id=\"1268\" class=\"elementor elementor-1268 elementor-182 elementor-182 swiper-slide e-loop-item e-loop-item-1248 post-1248 post type-post status-publish format-standard has-post-thumbnail hentry category-sin-categorizar\" data-elementor-post-type=\"elementor_library\" role=\"group\" aria-roledescription=\"slide\" data-custom-edit-handle=\"1\">\n\t\t\t<div class=\"elementor-element elementor-element-653ecd1 e-flex e-con-boxed e-con e-parent\" data-id=\"653ecd1\" data-element_type=\"container\" data-e-type=\"container\" data-settings=\"{&quot;background_background&quot;:&quot;classic&quot;}\">\n\t\t\t\t\t<div class=\"e-con-inner\">\n\t\t\t\t<div class=\"elementor-element elementor-element-dddcb4b elementor-widget elementor-widget-theme-post-featured-image elementor-widget-image\" data-id=\"dddcb4b\" data-element_type=\"widget\" data-e-type=\"widget\" data-widget_type=\"theme-post-featured-image.default\">\n\t\t\t\t\t\t\t\t\t\t\t\t\t\t\t<img loading=\"lazy\" decoding=\"async\" width=\"657\" height=\"262\" src=\"https:\/\/boschgrowers.com\/wp-content\/uploads\/2022\/04\/csm_Bezoek_ministers_2_4207b0ed72.jpg\" class=\"attachment-full size-full wp-image-1250\" alt=\"\" srcset=\"https:\/\/boschgrowers.com\/wp-content\/uploads\/2022\/04\/csm_Bezoek_ministers_2_4207b0ed72.jpg 657w, https:\/\/boschgrowers.com\/wp-content\/uploads\/2022\/04\/csm_Bezoek_ministers_2_4207b0ed72-300x120.jpg 300w\" sizes=\"(max-width: 657px) 100vw, 657px\" \/>\t\t\t\t\t\t\t\t\t\t\t\t\t\t\t<\/div>\n\t\t<div class=\"elementor-element elementor-element-d965bee e-con-full e-flex e-con e-child\" data-id=\"d965bee\" data-element_type=\"container\" data-e-type=\"container\">\n\t\t\t\t<div class=\"elementor-element elementor-element-338a72b elementor-widget elementor-widget-theme-post-title elementor-page-title elementor-widget-heading\" data-id=\"338a72b\" data-element_type=\"widget\" data-e-type=\"widget\" data-widget_type=\"theme-post-title.default\">\n\t\t\t\t\t<h1 class=\"elementor-heading-title elementor-size-default\">Bosch Growers recibe a los ministros Staghouwer y Jetten<\/h1>\t\t\t\t<\/div>\n\t\t\t\t<div class=\"elementor-element elementor-element-e8a370b elementor-widget elementor-widget-text-editor\" data-id=\"e8a370b\" data-element_type=\"widget\" data-e-type=\"widget\" data-widget_type=\"text-editor.default\">\n\t\t\t\t\t\t\t\t\tLos ministros Staghouwer y Jetten conversan con los productores de Bosch Growers: un di\u00e1logo abierto sobre energ\u00eda, planes de futuro y la vulnerabilidad del sector.\t\t\t\t\t\t\t\t<\/div>\n\t\t\t\t<\/div>\n\t\t\t\t\t    \t            <a\n            \t\t\thref=\"https:\/\/boschgrowers.com\/es\/bosch-growers-recibe-a-los-ministros-staghouwer-y-jetten\/\"\n        target=\"_self\"\n            class=\"knopbosch2 e-button-base\"\n            data-interaction-id=\"f888b07\"\n            data-interactions=\"&#x5B;&#x5D;\"\n             data-e-type=\"widget\" data-id=\"f888b07\"\n        >\n            lees meer\n        <\/a>\n    \t\t\t\t\t<\/div>\n\t\t\t\t<\/div>\n\t\t\t\t<\/div>\n\t\t\t\t<div data-elementor-type=\"loop-item\" data-elementor-id=\"1268\" class=\"elementor elementor-1268 elementor-182 elementor-182 swiper-slide e-loop-item e-loop-item-1252 post-1252 post type-post status-publish format-standard has-post-thumbnail hentry category-sin-categorizar\" data-elementor-post-type=\"elementor_library\" role=\"group\" aria-roledescription=\"slide\" data-custom-edit-handle=\"1\">\n\t\t\t<div class=\"elementor-element elementor-element-653ecd1 e-flex e-con-boxed e-con e-parent\" data-id=\"653ecd1\" data-element_type=\"container\" data-e-type=\"container\" data-settings=\"{&quot;background_background&quot;:&quot;classic&quot;}\">\n\t\t\t\t\t<div class=\"e-con-inner\">\n\t\t\t\t<div class=\"elementor-element elementor-element-dddcb4b elementor-widget elementor-widget-theme-post-featured-image elementor-widget-image\" data-id=\"dddcb4b\" data-element_type=\"widget\" data-e-type=\"widget\" data-widget_type=\"theme-post-featured-image.default\">\n\t\t\t\t\t\t\t\t\t\t\t\t\t\t\t<img loading=\"lazy\" decoding=\"async\" width=\"2000\" height=\"740\" src=\"https:\/\/boschgrowers.com\/wp-content\/uploads\/2026\/02\/van-den-bosch-heeft-het-glastuinbouw-kennisevent-afgesloten.jpeg\" class=\"attachment-full size-full wp-image-1253\" alt=\"\" srcset=\"https:\/\/boschgrowers.com\/wp-content\/uploads\/2026\/02\/van-den-bosch-heeft-het-glastuinbouw-kennisevent-afgesloten.jpeg 2000w, https:\/\/boschgrowers.com\/wp-content\/uploads\/2026\/02\/van-den-bosch-heeft-het-glastuinbouw-kennisevent-afgesloten-300x111.jpeg 300w, https:\/\/boschgrowers.com\/wp-content\/uploads\/2026\/02\/van-den-bosch-heeft-het-glastuinbouw-kennisevent-afgesloten-1024x379.jpeg 1024w, https:\/\/boschgrowers.com\/wp-content\/uploads\/2026\/02\/van-den-bosch-heeft-het-glastuinbouw-kennisevent-afgesloten-768x284.jpeg 768w, https:\/\/boschgrowers.com\/wp-content\/uploads\/2026\/02\/van-den-bosch-heeft-het-glastuinbouw-kennisevent-afgesloten-1536x568.jpeg 1536w\" sizes=\"(max-width: 2000px) 100vw, 2000px\" \/>\t\t\t\t\t\t\t\t\t\t\t\t\t\t\t<\/div>\n\t\t<div class=\"elementor-element elementor-element-d965bee e-con-full e-flex e-con e-child\" data-id=\"d965bee\" data-element_type=\"container\" data-e-type=\"container\">\n\t\t\t\t<div class=\"elementor-element elementor-element-338a72b elementor-widget elementor-widget-theme-post-title elementor-page-title elementor-widget-heading\" data-id=\"338a72b\" data-element_type=\"widget\" data-e-type=\"widget\" data-widget_type=\"theme-post-title.default\">\n\t\t\t\t\t<h1 class=\"elementor-heading-title elementor-size-default\">Van den Bosch clausura el Evento de Conocimiento de la Horticultura Protegida<\/h1>\t\t\t\t<\/div>\n\t\t\t\t<div class=\"elementor-element elementor-element-e8a370b elementor-widget elementor-widget-text-editor\" data-id=\"e8a370b\" data-element_type=\"widget\" data-e-type=\"widget\" data-widget_type=\"text-editor.default\">\n\t\t\t\t\t\t\t\t\tMirando al pasado y al futuro: durante el Evento de Conocimiento de la Horticultura Protegida, todo gir\u00f3 en torno a la innovaci\u00f3n y a las decisiones que definir\u00e1n el sector en los pr\u00f3ximos 15 a\u00f1os.\t\t\t\t\t\t\t\t<\/div>\n\t\t\t\t<\/div>\n\t\t\t\t\t    \t            <a\n            \t\t\thref=\"https:\/\/boschgrowers.com\/es\/van-den-bosch-clausura-el-evento-de-conocimiento-de-la-horticultura-protegida\/\"\n        target=\"_self\"\n            class=\"knopbosch2 e-button-base\"\n            data-interaction-id=\"f888b07\"\n            data-interactions=\"&#x5B;&#x5D;\"\n             data-e-type=\"widget\" data-id=\"f888b07\"\n        >\n            lees meer\n        <\/a>\n    \t\t\t\t\t<\/div>\n\t\t\t\t<\/div>\n\t\t\t\t<\/div>\n\t\t\t\t<div data-elementor-type=\"loop-item\" data-elementor-id=\"1268\" class=\"elementor elementor-1268 elementor-182 elementor-182 swiper-slide e-loop-item e-loop-item-1235 post-1235 post type-post status-publish format-standard has-post-thumbnail hentry category-sin-categorizar\" data-elementor-post-type=\"elementor_library\" role=\"group\" aria-roledescription=\"slide\" data-custom-edit-handle=\"1\">\n\t\t\t<div class=\"elementor-element elementor-element-653ecd1 e-flex e-con-boxed e-con e-parent\" data-id=\"653ecd1\" data-element_type=\"container\" data-e-type=\"container\" data-settings=\"{&quot;background_background&quot;:&quot;classic&quot;}\">\n\t\t\t\t\t<div class=\"e-con-inner\">\n\t\t\t\t<div class=\"elementor-element elementor-element-dddcb4b elementor-widget elementor-widget-theme-post-featured-image elementor-widget-image\" data-id=\"dddcb4b\" data-element_type=\"widget\" data-e-type=\"widget\" data-widget_type=\"theme-post-featured-image.default\">\n\t\t\t\t\t\t\t\t\t\t\t\t\t\t\t<img loading=\"lazy\" decoding=\"async\" width=\"1680\" height=\"1293\" src=\"https:\/\/boschgrowers.com\/wp-content\/uploads\/2026\/02\/rabobank-and-un-food-systems-summit.jpeg\" class=\"attachment-full size-full wp-image-1237\" alt=\"\" srcset=\"https:\/\/boschgrowers.com\/wp-content\/uploads\/2026\/02\/rabobank-and-un-food-systems-summit.jpeg 1680w, https:\/\/boschgrowers.com\/wp-content\/uploads\/2026\/02\/rabobank-and-un-food-systems-summit-300x231.jpeg 300w, https:\/\/boschgrowers.com\/wp-content\/uploads\/2026\/02\/rabobank-and-un-food-systems-summit-1024x788.jpeg 1024w, https:\/\/boschgrowers.com\/wp-content\/uploads\/2026\/02\/rabobank-and-un-food-systems-summit-768x591.jpeg 768w, https:\/\/boschgrowers.com\/wp-content\/uploads\/2026\/02\/rabobank-and-un-food-systems-summit-1536x1182.jpeg 1536w\" sizes=\"(max-width: 1680px) 100vw, 1680px\" \/>\t\t\t\t\t\t\t\t\t\t\t\t\t\t\t<\/div>\n\t\t<div class=\"elementor-element elementor-element-d965bee e-con-full e-flex e-con e-child\" data-id=\"d965bee\" data-element_type=\"container\" data-e-type=\"container\">\n\t\t\t\t<div class=\"elementor-element elementor-element-338a72b elementor-widget elementor-widget-theme-post-title elementor-page-title elementor-widget-heading\" data-id=\"338a72b\" data-element_type=\"widget\" data-e-type=\"widget\" data-widget_type=\"theme-post-title.default\">\n\t\t\t\t\t<h1 class=\"elementor-heading-title elementor-size-default\">Rabobank &amp; Cumbre sobre los Sistemas Alimentarios de la ONU<\/h1>\t\t\t\t<\/div>\n\t\t\t\t<div class=\"elementor-element elementor-element-e8a370b elementor-widget elementor-widget-text-editor\" data-id=\"e8a370b\" data-element_type=\"widget\" data-e-type=\"widget\" data-widget_type=\"text-editor.default\">\n\t\t\t\t\t\t\t\t\tRabobank muestra en la Cumbre sobre los Sistemas Alimentarios de la ONU c\u00f3mo las finanzas, la innovaci\u00f3n y la colaboraci\u00f3n son necesarias para un sistema alimentario justo, sostenible y saludable.\t\t\t\t\t\t\t\t<\/div>\n\t\t\t\t<\/div>\n\t\t\t\t\t    \t            <a\n            \t\t\thref=\"https:\/\/boschgrowers.com\/es\/rabobank-cumbre-sobre-los-sistemas-alimentarios-de-la-onu\/\"\n        target=\"_self\"\n            class=\"knopbosch2 e-button-base\"\n            data-interaction-id=\"f888b07\"\n            data-interactions=\"&#x5B;&#x5D;\"\n             data-e-type=\"widget\" data-id=\"f888b07\"\n        >\n            lees meer\n        <\/a>\n    \t\t\t\t\t<\/div>\n\t\t\t\t<\/div>\n\t\t\t\t<\/div>\n\t\t\t\t<div data-elementor-type=\"loop-item\" data-elementor-id=\"1268\" class=\"elementor elementor-1268 elementor-182 elementor-182 swiper-slide e-loop-item e-loop-item-1211 post-1211 post type-post status-publish format-standard has-post-thumbnail hentry category-sin-categorizar\" data-elementor-post-type=\"elementor_library\" role=\"group\" aria-roledescription=\"slide\" data-custom-edit-handle=\"1\">\n\t\t\t<div class=\"elementor-element elementor-element-653ecd1 e-flex e-con-boxed e-con e-parent\" data-id=\"653ecd1\" data-element_type=\"container\" data-e-type=\"container\" data-settings=\"{&quot;background_background&quot;:&quot;classic&quot;}\">\n\t\t\t\t\t<div class=\"e-con-inner\">\n\t\t\t\t<div class=\"elementor-element elementor-element-dddcb4b elementor-widget elementor-widget-theme-post-featured-image elementor-widget-image\" data-id=\"dddcb4b\" data-element_type=\"widget\" data-e-type=\"widget\" data-widget_type=\"theme-post-featured-image.default\">\n\t\t\t\t\t\t\t\t\t\t\t\t\t\t\t<img loading=\"lazy\" decoding=\"async\" width=\"2366\" height=\"1242\" src=\"https:\/\/boschgrowers.com\/wp-content\/uploads\/2026\/02\/Glastuinbouw-Nederland-wijst-politiek-op-knelpunten-verdere-toepassing-IPM.jpg\" class=\"attachment-full size-full wp-image-1212\" alt=\"\" srcset=\"https:\/\/boschgrowers.com\/wp-content\/uploads\/2026\/02\/Glastuinbouw-Nederland-wijst-politiek-op-knelpunten-verdere-toepassing-IPM.jpg 2366w, https:\/\/boschgrowers.com\/wp-content\/uploads\/2026\/02\/Glastuinbouw-Nederland-wijst-politiek-op-knelpunten-verdere-toepassing-IPM-300x157.jpg 300w, https:\/\/boschgrowers.com\/wp-content\/uploads\/2026\/02\/Glastuinbouw-Nederland-wijst-politiek-op-knelpunten-verdere-toepassing-IPM-1024x538.jpg 1024w, https:\/\/boschgrowers.com\/wp-content\/uploads\/2026\/02\/Glastuinbouw-Nederland-wijst-politiek-op-knelpunten-verdere-toepassing-IPM-768x403.jpg 768w, https:\/\/boschgrowers.com\/wp-content\/uploads\/2026\/02\/Glastuinbouw-Nederland-wijst-politiek-op-knelpunten-verdere-toepassing-IPM-1536x806.jpg 1536w, https:\/\/boschgrowers.com\/wp-content\/uploads\/2026\/02\/Glastuinbouw-Nederland-wijst-politiek-op-knelpunten-verdere-toepassing-IPM-2048x1075.jpg 2048w\" sizes=\"(max-width: 2366px) 100vw, 2366px\" \/>\t\t\t\t\t\t\t\t\t\t\t\t\t\t\t<\/div>\n\t\t<div class=\"elementor-element elementor-element-d965bee e-con-full e-flex e-con e-child\" data-id=\"d965bee\" data-element_type=\"container\" data-e-type=\"container\">\n\t\t\t\t<div class=\"elementor-element elementor-element-338a72b elementor-widget elementor-widget-theme-post-title elementor-page-title elementor-widget-heading\" data-id=\"338a72b\" data-element_type=\"widget\" data-e-type=\"widget\" data-widget_type=\"theme-post-title.default\">\n\t\t\t\t\t<h1 class=\"elementor-heading-title elementor-size-default\">La horticultura protegida pide a la clase pol\u00edtica espacio para la GIP<\/h1>\t\t\t\t<\/div>\n\t\t\t\t<div class=\"elementor-element elementor-element-e8a370b elementor-widget elementor-widget-text-editor\" data-id=\"e8a370b\" data-element_type=\"widget\" data-e-type=\"widget\" data-widget_type=\"text-editor.default\">\n\t\t\t\t\t\t\t\t\tGlastuinbouw Nederland esboza el rumbo hacia 2030: cultivos fuertes, GIP y alta tecnolog\u00eda como base.\t\t\t\t\t\t\t\t<\/div>\n\t\t\t\t<\/div>\n\t\t\t\t\t    \t            <a\n            \t\t\thref=\"https:\/\/boschgrowers.com\/es\/la-horticultura-protegida-pide-a-la-clase-politica-espacio-para-la-gip\/\"\n        target=\"_self\"\n            class=\"knopbosch2 e-button-base\"\n            data-interaction-id=\"f888b07\"\n            data-interactions=\"&#x5B;&#x5D;\"\n             data-e-type=\"widget\" data-id=\"f888b07\"\n        >\n            lees meer\n        <\/a>\n    \t\t\t\t\t<\/div>\n\t\t\t\t<\/div>\n\t\t\t\t<\/div>\n\t\t\t\t<div data-elementor-type=\"loop-item\" data-elementor-id=\"1268\" class=\"elementor elementor-1268 elementor-182 elementor-182 swiper-slide e-loop-item e-loop-item-1204 post-1204 post type-post status-publish format-standard has-post-thumbnail hentry category-sin-categorizar\" data-elementor-post-type=\"elementor_library\" role=\"group\" aria-roledescription=\"slide\" data-custom-edit-handle=\"1\">\n\t\t\t<div class=\"elementor-element elementor-element-653ecd1 e-flex e-con-boxed e-con e-parent\" data-id=\"653ecd1\" data-element_type=\"container\" data-e-type=\"container\" data-settings=\"{&quot;background_background&quot;:&quot;classic&quot;}\">\n\t\t\t\t\t<div class=\"e-con-inner\">\n\t\t\t\t<div class=\"elementor-element elementor-element-dddcb4b elementor-widget elementor-widget-theme-post-featured-image elementor-widget-image\" data-id=\"dddcb4b\" data-element_type=\"widget\" data-e-type=\"widget\" data-widget_type=\"theme-post-featured-image.default\">\n\t\t\t\t\t\t\t\t\t\t\t\t\t\t\t<img loading=\"lazy\" decoding=\"async\" width=\"744\" height=\"400\" src=\"https:\/\/boschgrowers.com\/wp-content\/uploads\/2026\/02\/Oeps-derde-plek.jpeg\" class=\"attachment-full size-full wp-image-1205\" alt=\"\" srcset=\"https:\/\/boschgrowers.com\/wp-content\/uploads\/2026\/02\/Oeps-derde-plek.jpeg 744w, https:\/\/boschgrowers.com\/wp-content\/uploads\/2026\/02\/Oeps-derde-plek-300x161.jpeg 300w\" sizes=\"(max-width: 744px) 100vw, 744px\" \/>\t\t\t\t\t\t\t\t\t\t\t\t\t\t\t<\/div>\n\t\t<div class=\"elementor-element elementor-element-d965bee e-con-full e-flex e-con e-child\" data-id=\"d965bee\" data-element_type=\"container\" data-e-type=\"container\">\n\t\t\t\t<div class=\"elementor-element elementor-element-338a72b elementor-widget elementor-widget-theme-post-title elementor-page-title elementor-widget-heading\" data-id=\"338a72b\" data-element_type=\"widget\" data-e-type=\"widget\" data-widget_type=\"theme-post-title.default\">\n\t\t\t\t\t<h1 class=\"elementor-heading-title elementor-size-default\">El tercer puesto en la categor\u00eda de Hortalizas es para Kwekerij Van den Bosch<\/h1>\t\t\t\t<\/div>\n\t\t\t\t<div class=\"elementor-element elementor-element-e8a370b elementor-widget elementor-widget-text-editor\" data-id=\"e8a370b\" data-element_type=\"widget\" data-e-type=\"widget\" data-widget_type=\"text-editor.default\">\n\t\t\t\t\t\t\t\t\tUn peque\u00f1o error en Ranking the Grower 2020: el tercer puesto en Hortalizas result\u00f3 ser para Kwekerij Van den Bosch. Error corregido, el honor vuelve a quien le corresponde. \t\t\t\t\t\t\t\t<\/div>\n\t\t\t\t<\/div>\n\t\t\t\t\t    \t            <a\n            \t\t\thref=\"https:\/\/boschgrowers.com\/es\/el-tercer-puesto-en-la-categoria-de-hortalizas-es-para-kwekerij-van-den-bosch\/\"\n        target=\"_self\"\n            class=\"knopbosch2 e-button-base\"\n            data-interaction-id=\"f888b07\"\n            data-interactions=\"&#x5B;&#x5D;\"\n             data-e-type=\"widget\" data-id=\"f888b07\"\n        >\n            lees meer\n        <\/a>\n    \t\t\t\t\t<\/div>\n\t\t\t\t<\/div>\n\t\t\t\t<\/div>\n\t\t\t\t<div data-elementor-type=\"loop-item\" data-elementor-id=\"1268\" class=\"elementor elementor-1268 elementor-182 elementor-182 swiper-slide e-loop-item e-loop-item-1242 post-1242 post type-post status-publish format-standard has-post-thumbnail hentry category-sin-categorizar\" data-elementor-post-type=\"elementor_library\" role=\"group\" aria-roledescription=\"slide\" data-custom-edit-handle=\"1\">\n\t\t\t<div class=\"elementor-element elementor-element-653ecd1 e-flex e-con-boxed e-con e-parent\" data-id=\"653ecd1\" data-element_type=\"container\" data-e-type=\"container\" data-settings=\"{&quot;background_background&quot;:&quot;classic&quot;}\">\n\t\t\t\t\t<div class=\"e-con-inner\">\n\t\t\t\t<div class=\"elementor-element elementor-element-dddcb4b elementor-widget elementor-widget-theme-post-featured-image elementor-widget-image\" data-id=\"dddcb4b\" data-element_type=\"widget\" data-e-type=\"widget\" data-widget_type=\"theme-post-featured-image.default\">\n\t\t\t\t\t\t\t\t\t\t\t\t\t\t\t<img loading=\"lazy\" decoding=\"async\" width=\"1000\" height=\"667\" src=\"https:\/\/boschgrowers.com\/wp-content\/uploads\/2026\/02\/de-kracht-van-algoritmes-volgens-paprikateler.jpeg\" class=\"attachment-full size-full wp-image-1243\" alt=\"\" srcset=\"https:\/\/boschgrowers.com\/wp-content\/uploads\/2026\/02\/de-kracht-van-algoritmes-volgens-paprikateler.jpeg 1000w, https:\/\/boschgrowers.com\/wp-content\/uploads\/2026\/02\/de-kracht-van-algoritmes-volgens-paprikateler-300x200.jpeg 300w, https:\/\/boschgrowers.com\/wp-content\/uploads\/2026\/02\/de-kracht-van-algoritmes-volgens-paprikateler-768x512.jpeg 768w\" sizes=\"(max-width: 1000px) 100vw, 1000px\" \/>\t\t\t\t\t\t\t\t\t\t\t\t\t\t\t<\/div>\n\t\t<div class=\"elementor-element elementor-element-d965bee e-con-full e-flex e-con e-child\" data-id=\"d965bee\" data-element_type=\"container\" data-e-type=\"container\">\n\t\t\t\t<div class=\"elementor-element elementor-element-338a72b elementor-widget elementor-widget-theme-post-title elementor-page-title elementor-widget-heading\" data-id=\"338a72b\" data-element_type=\"widget\" data-e-type=\"widget\" data-widget_type=\"theme-post-title.default\">\n\t\t\t\t\t<h1 class=\"elementor-heading-title elementor-size-default\">El poder de los algoritmos<\/h1>\t\t\t\t<\/div>\n\t\t\t\t<div class=\"elementor-element elementor-element-e8a370b elementor-widget elementor-widget-text-editor\" data-id=\"e8a370b\" data-element_type=\"widget\" data-e-type=\"widget\" data-widget_type=\"text-editor.default\">\n\t\t\t\t\t\t\t\t\tCultivo aut\u00f3nomo seg\u00fan el productor de pimientos Wouter van den Bosch: los algoritmos dirigen el invernadero, el productor se centra en la estrategia, la calidad y las decisiones complejas.\t\t\t\t\t\t\t\t<\/div>\n\t\t\t\t<\/div>\n\t\t\t\t\t    \t            <a\n            \t\t\thref=\"https:\/\/boschgrowers.com\/es\/el-poder-de-los-algoritmos\/\"\n        target=\"_self\"\n            class=\"knopbosch2 e-button-base\"\n            data-interaction-id=\"f888b07\"\n            data-interactions=\"&#x5B;&#x5D;\"\n             data-e-type=\"widget\" data-id=\"f888b07\"\n        >\n            lees meer\n        <\/a>\n    \t\t\t\t\t<\/div>\n\t\t\t\t<\/div>\n\t\t\t\t<\/div>\n\t\t\t\t<div data-elementor-type=\"loop-item\" data-elementor-id=\"1268\" class=\"elementor elementor-1268 elementor-182 elementor-182 swiper-slide e-loop-item e-loop-item-1228 post-1228 post type-post status-publish format-standard has-post-thumbnail hentry category-sin-categorizar\" data-elementor-post-type=\"elementor_library\" role=\"group\" aria-roledescription=\"slide\" data-custom-edit-handle=\"1\">\n\t\t\t<div class=\"elementor-element elementor-element-653ecd1 e-flex e-con-boxed e-con e-parent\" data-id=\"653ecd1\" data-element_type=\"container\" data-e-type=\"container\" data-settings=\"{&quot;background_background&quot;:&quot;classic&quot;}\">\n\t\t\t\t\t<div class=\"e-con-inner\">\n\t\t\t\t<div class=\"elementor-element elementor-element-dddcb4b elementor-widget elementor-widget-theme-post-featured-image elementor-widget-image\" data-id=\"dddcb4b\" data-element_type=\"widget\" data-e-type=\"widget\" data-widget_type=\"theme-post-featured-image.default\">\n\t\t\t\t\t\t\t\t\t\t\t\t\t\t\t<img loading=\"lazy\" decoding=\"async\" width=\"1024\" height=\"576\" src=\"https:\/\/boschgrowers.com\/wp-content\/uploads\/2026\/02\/data-glastuinbouw.jpeg\" class=\"attachment-full size-full wp-image-1229\" alt=\"\" srcset=\"https:\/\/boschgrowers.com\/wp-content\/uploads\/2026\/02\/data-glastuinbouw.jpeg 1024w, https:\/\/boschgrowers.com\/wp-content\/uploads\/2026\/02\/data-glastuinbouw-300x169.jpeg 300w, https:\/\/boschgrowers.com\/wp-content\/uploads\/2026\/02\/data-glastuinbouw-768x432.jpeg 768w\" sizes=\"(max-width: 1024px) 100vw, 1024px\" \/>\t\t\t\t\t\t\t\t\t\t\t\t\t\t\t<\/div>\n\t\t<div class=\"elementor-element elementor-element-d965bee e-con-full e-flex e-con e-child\" data-id=\"d965bee\" data-element_type=\"container\" data-e-type=\"container\">\n\t\t\t\t<div class=\"elementor-element elementor-element-338a72b elementor-widget elementor-widget-theme-post-title elementor-page-title elementor-widget-heading\" data-id=\"338a72b\" data-element_type=\"widget\" data-e-type=\"widget\" data-widget_type=\"theme-post-title.default\">\n\t\t\t\t\t<h1 class=\"elementor-heading-title elementor-size-default\">Datos en la horticultura protegida<\/h1>\t\t\t\t<\/div>\n\t\t\t\t<div class=\"elementor-element elementor-element-e8a370b elementor-widget elementor-widget-text-editor\" data-id=\"e8a370b\" data-element_type=\"widget\" data-e-type=\"widget\" data-widget_type=\"text-editor.default\">\n\t\t\t\t\t\t\t\t\tEn Kwekerij Van Den Bosch, en Bleiswijk, utilizan los datos y las matem\u00e1ticas para mejorar el cultivo de moras y producir durante todo el a\u00f1o.\t\t\t\t\t\t\t\t<\/div>\n\t\t\t\t<\/div>\n\t\t\t\t\t    \t            <a\n            \t\t\thref=\"https:\/\/boschgrowers.com\/es\/datos-en-la-horticultura-protegida\/\"\n        target=\"_self\"\n            class=\"knopbosch2 e-button-base\"\n            data-interaction-id=\"f888b07\"\n            data-interactions=\"&#x5B;&#x5D;\"\n             data-e-type=\"widget\" data-id=\"f888b07\"\n        >\n            lees meer\n        <\/a>\n    \t\t\t\t\t<\/div>\n\t\t\t\t<\/div>\n\t\t\t\t<\/div>\n\t\t\t\t<\/div>\n\t\t<\/div>\n\t\t\t\t\t<div class=\"elementor-swiper-button elementor-swiper-button-prev\" role=\"button\" tabindex=\"0\" aria-label=\"Anterior\">\n\t\t\t\t<svg aria-hidden=\"true\" class=\"e-font-icon-svg e-eicon-chevron-left\" viewBox=\"0 0 1000 1000\" xmlns=\"http:\/\/www.w3.org\/2000\/svg\"><path d=\"M646 125C629 125 613 133 604 142L308 442C296 454 292 471 292 487 292 504 296 521 308 533L604 854C617 867 629 875 646 875 663 875 679 871 692 858 704 846 713 829 713 812 713 796 708 779 692 767L438 487 692 225C700 217 708 204 708 187 708 171 704 154 692 142 675 129 663 125 646 125Z\"><\/path><\/svg>\t\t\t<\/div>\n\t\t\t<div class=\"elementor-swiper-button elementor-swiper-button-next\" role=\"button\" tabindex=\"0\" aria-label=\"Siguiente\">\n\t\t\t\t<svg aria-hidden=\"true\" class=\"e-font-icon-svg e-eicon-chevron-right\" viewBox=\"0 0 1000 1000\" xmlns=\"http:\/\/www.w3.org\/2000\/svg\"><path d=\"M696 533C708 521 713 504 713 487 713 471 708 454 696 446L400 146C388 133 375 125 354 125 338 125 325 129 313 142 300 154 292 171 292 187 292 204 296 221 308 233L563 492 304 771C292 783 288 800 288 817 288 833 296 850 308 863 321 871 338 875 354 875 371 875 388 867 400 854L696 533Z\"><\/path><\/svg>\t\t\t<\/div>\n\t\t\t\t\t\t<\/div>\n\t\t\t\t\t<\/div>\n\t\t\t\t<\/div>\n\t\t\t\t<\/div>\n\t\t<div class=\"elementor-element elementor-element-761ae12 e-con-full e-flex e-con e-parent\" data-id=\"761ae12\" data-element_type=\"container\" data-e-type=\"container\" data-settings=\"{&quot;background_background&quot;:&quot;classic&quot;}\">\n\t\t\t\t<\/div>\n\t\t\t\t<\/div>\n\t\t","protected":false},"excerpt":{"rendered":"<p>Noticias Aqu\u00ed encontrar\u00e1 las \u00faltimas noticias de Bosch Growers. Actualizaciones de nuestra organizaci\u00f3n, historias desde el lugar de trabajo y publicaciones que compartimos en LinkedIn. As\u00ed podr\u00e1 mantenerse al tanto, de un solo vistazo, de lo que nos ocupa y de los objetivos hacia los que trabajamos. LinkedIn Aqu\u00ed compartimos breves actualizaciones, hitos y momentos [&hellip;]<\/p>\n","protected":false},"author":1,"featured_media":0,"parent":0,"menu_order":0,"comment_status":"closed","ping_status":"closed","template":"","meta":{"footnotes":""},"class_list":["post-1145","page","type-page","status-publish","hentry"],"yoast_head":"<!-- This site is optimized with the Yoast SEO plugin v27.2 - https:\/\/yoast.com\/product\/yoast-seo-wordpress\/ -->\n<title>Resumen de noticias - Bosch Growers<\/title>\n<meta name=\"robots\" content=\"index, follow, max-snippet:-1, max-image-preview:large, max-video-preview:-1\" \/>\n<link rel=\"canonical\" href=\"https:\/\/boschgrowers.com\/es\/resumen-de-noticias\/\" \/>\n<meta property=\"og:locale\" content=\"es_ES\" \/>\n<meta property=\"og:type\" content=\"article\" \/>\n<meta property=\"og:title\" content=\"Resumen de noticias - Bosch Growers\" \/>\n<meta property=\"og:description\" content=\"Noticias Aqu\u00ed encontrar\u00e1 las \u00faltimas noticias de Bosch Growers. Actualizaciones de nuestra organizaci\u00f3n, historias desde el lugar de trabajo y publicaciones que compartimos en LinkedIn. As\u00ed podr\u00e1 mantenerse al tanto, de un solo vistazo, de lo que nos ocupa y de los objetivos hacia los que trabajamos. LinkedIn Aqu\u00ed compartimos breves actualizaciones, hitos y momentos [&hellip;]\" \/>\n<meta property=\"og:url\" content=\"https:\/\/boschgrowers.com\/es\/resumen-de-noticias\/\" \/>\n<meta property=\"og:site_name\" content=\"Bosch Growers\" \/>\n<meta property=\"article:modified_time\" content=\"2026-03-19T11:20:58+00:00\" \/>\n<meta name=\"twitter:card\" content=\"summary_large_image\" \/>\n<script type=\"application\/ld+json\" class=\"yoast-schema-graph\">{\"@context\":\"https:\/\/schema.org\",\"@graph\":[{\"@type\":\"WebPage\",\"@id\":\"https:\/\/boschgrowers.com\/es\/resumen-de-noticias\/\",\"url\":\"https:\/\/boschgrowers.com\/es\/resumen-de-noticias\/\",\"name\":\"Resumen de noticias - Bosch Growers\",\"isPartOf\":{\"@id\":\"https:\/\/boschgrowers.com\/es\/#website\"},\"datePublished\":\"2026-02-12T10:40:54+00:00\",\"dateModified\":\"2026-03-19T11:20:58+00:00\",\"breadcrumb\":{\"@id\":\"https:\/\/boschgrowers.com\/es\/resumen-de-noticias\/#breadcrumb\"},\"inLanguage\":\"es\",\"potentialAction\":[{\"@type\":\"ReadAction\",\"target\":[\"https:\/\/boschgrowers.com\/es\/resumen-de-noticias\/\"]}]},{\"@type\":\"BreadcrumbList\",\"@id\":\"https:\/\/boschgrowers.com\/es\/resumen-de-noticias\/#breadcrumb\",\"itemListElement\":[{\"@type\":\"ListItem\",\"position\":1,\"name\":\"Home\",\"item\":\"https:\/\/boschgrowers.com\/es\/inicio\/\"},{\"@type\":\"ListItem\",\"position\":2,\"name\":\"Resumen de noticias\"}]},{\"@type\":\"WebSite\",\"@id\":\"https:\/\/boschgrowers.com\/es\/#website\",\"url\":\"https:\/\/boschgrowers.com\/es\/\",\"name\":\"Bosch Growers\",\"description\":\"Specialist in hightechtuinbouw\",\"publisher\":{\"@id\":\"https:\/\/boschgrowers.com\/es\/#organization\"},\"potentialAction\":[{\"@type\":\"SearchAction\",\"target\":{\"@type\":\"EntryPoint\",\"urlTemplate\":\"https:\/\/boschgrowers.com\/es\/?s={search_term_string}\"},\"query-input\":{\"@type\":\"PropertyValueSpecification\",\"valueRequired\":true,\"valueName\":\"search_term_string\"}}],\"inLanguage\":\"es\"},{\"@type\":\"Organization\",\"@id\":\"https:\/\/boschgrowers.com\/es\/#organization\",\"name\":\"Bosch Growers\",\"url\":\"https:\/\/boschgrowers.com\/es\/\",\"logo\":{\"@type\":\"ImageObject\",\"inLanguage\":\"es\",\"@id\":\"https:\/\/boschgrowers.com\/es\/#\/schema\/logo\/image\/\",\"url\":\"https:\/\/boschgrowers.com\/wp-content\/uploads\/2026\/03\/Bosch-growers-logo-RGB.png\",\"contentUrl\":\"https:\/\/boschgrowers.com\/wp-content\/uploads\/2026\/03\/Bosch-growers-logo-RGB.png\",\"width\":568,\"height\":538,\"caption\":\"Bosch Growers\"},\"image\":{\"@id\":\"https:\/\/boschgrowers.com\/es\/#\/schema\/logo\/image\/\"}}]}<\/script>\n<!-- \/ Yoast SEO plugin. -->","yoast_head_json":{"title":"Resumen de noticias - Bosch Growers","robots":{"index":"index","follow":"follow","max-snippet":"max-snippet:-1","max-image-preview":"max-image-preview:large","max-video-preview":"max-video-preview:-1"},"canonical":"https:\/\/boschgrowers.com\/es\/resumen-de-noticias\/","og_locale":"es_ES","og_type":"article","og_title":"Resumen de noticias - Bosch Growers","og_description":"Noticias Aqu\u00ed encontrar\u00e1 las \u00faltimas noticias de Bosch Growers. Actualizaciones de nuestra organizaci\u00f3n, historias desde el lugar de trabajo y publicaciones que compartimos en LinkedIn. As\u00ed podr\u00e1 mantenerse al tanto, de un solo vistazo, de lo que nos ocupa y de los objetivos hacia los que trabajamos. LinkedIn Aqu\u00ed compartimos breves actualizaciones, hitos y momentos [&hellip;]","og_url":"https:\/\/boschgrowers.com\/es\/resumen-de-noticias\/","og_site_name":"Bosch Growers","article_modified_time":"2026-03-19T11:20:58+00:00","twitter_card":"summary_large_image","schema":{"@context":"https:\/\/schema.org","@graph":[{"@type":"WebPage","@id":"https:\/\/boschgrowers.com\/es\/resumen-de-noticias\/","url":"https:\/\/boschgrowers.com\/es\/resumen-de-noticias\/","name":"Resumen de noticias - Bosch Growers","isPartOf":{"@id":"https:\/\/boschgrowers.com\/es\/#website"},"datePublished":"2026-02-12T10:40:54+00:00","dateModified":"2026-03-19T11:20:58+00:00","breadcrumb":{"@id":"https:\/\/boschgrowers.com\/es\/resumen-de-noticias\/#breadcrumb"},"inLanguage":"es","potentialAction":[{"@type":"ReadAction","target":["https:\/\/boschgrowers.com\/es\/resumen-de-noticias\/"]}]},{"@type":"BreadcrumbList","@id":"https:\/\/boschgrowers.com\/es\/resumen-de-noticias\/#breadcrumb","itemListElement":[{"@type":"ListItem","position":1,"name":"Home","item":"https:\/\/boschgrowers.com\/es\/inicio\/"},{"@type":"ListItem","position":2,"name":"Resumen de noticias"}]},{"@type":"WebSite","@id":"https:\/\/boschgrowers.com\/es\/#website","url":"https:\/\/boschgrowers.com\/es\/","name":"Bosch Growers","description":"Specialist in hightechtuinbouw","publisher":{"@id":"https:\/\/boschgrowers.com\/es\/#organization"},"potentialAction":[{"@type":"SearchAction","target":{"@type":"EntryPoint","urlTemplate":"https:\/\/boschgrowers.com\/es\/?s={search_term_string}"},"query-input":{"@type":"PropertyValueSpecification","valueRequired":true,"valueName":"search_term_string"}}],"inLanguage":"es"},{"@type":"Organization","@id":"https:\/\/boschgrowers.com\/es\/#organization","name":"Bosch Growers","url":"https:\/\/boschgrowers.com\/es\/","logo":{"@type":"ImageObject","inLanguage":"es","@id":"https:\/\/boschgrowers.com\/es\/#\/schema\/logo\/image\/","url":"https:\/\/boschgrowers.com\/wp-content\/uploads\/2026\/03\/Bosch-growers-logo-RGB.png","contentUrl":"https:\/\/boschgrowers.com\/wp-content\/uploads\/2026\/03\/Bosch-growers-logo-RGB.png","width":568,"height":538,"caption":"Bosch Growers"},"image":{"@id":"https:\/\/boschgrowers.com\/es\/#\/schema\/logo\/image\/"}}]}},"_links":{"self":[{"href":"https:\/\/boschgrowers.com\/es\/wp-json\/wp\/v2\/pages\/1145","targetHints":{"allow":["GET"]}}],"collection":[{"href":"https:\/\/boschgrowers.com\/es\/wp-json\/wp\/v2\/pages"}],"about":[{"href":"https:\/\/boschgrowers.com\/es\/wp-json\/wp\/v2\/types\/page"}],"author":[{"embeddable":true,"href":"https:\/\/boschgrowers.com\/es\/wp-json\/wp\/v2\/users\/1"}],"replies":[{"embeddable":true,"href":"https:\/\/boschgrowers.com\/es\/wp-json\/wp\/v2\/comments?post=1145"}],"version-history":[{"count":1,"href":"https:\/\/boschgrowers.com\/es\/wp-json\/wp\/v2\/pages\/1145\/revisions"}],"predecessor-version":[{"id":1146,"href":"https:\/\/boschgrowers.com\/es\/wp-json\/wp\/v2\/pages\/1145\/revisions\/1146"}],"wp:attachment":[{"href":"https:\/\/boschgrowers.com\/es\/wp-json\/wp\/v2\/media?parent=1145"}],"curies":[{"name":"wp","href":"https:\/\/api.w.org\/{rel}","templated":true}]}}